{"id":10,"date":"2024-11-05T11:15:41","date_gmt":"2024-11-05T10:15:41","guid":{"rendered":"https:\/\/e-korekta.pl\/?page_id=10"},"modified":"2024-11-05T14:33:46","modified_gmt":"2024-11-05T13:33:46","slug":"strona-glowna","status":"publish","type":"page","link":"https:\/\/e-korekta.pl\/","title":{"rendered":"Strona g\u0142\u00f3wna"},"content":{"rendered":"<p>[et_pb_section fb_built=&#8221;1&#8243; fullwidth=&#8221;on&#8221; custom_padding_last_edited=&#8221;off|desktop&#8221; admin_label=&#8221;Header&#8221; _builder_version=&#8221;4.16&#8243; z_index=&#8221;2&#8243; overflow-y=&#8221;visible&#8221; custom_padding_tablet=&#8221;||15vw|&#8221; custom_padding_phone=&#8221;||25vw&#8221; border_color_all=&#8221;#31d190&#8243; border_width_left=&#8221;10px&#8221; locked=&#8221;off&#8221; global_colors_info=&#8221;{}&#8221;][et_pb_fullwidth_slider show_image_video_mobile=&#8221;on&#8221; _builder_version=&#8221;4.27.2&#8243; header_level=&#8221;h1&#8243; header_font=&#8221;Montserrat|800||on|||||&#8221; header_font_size=&#8221;4vw&#8221; header_line_height=&#8221;1.1em&#8221; body_font=&#8221;|600|||||||&#8221; body_font_size=&#8221;18px&#8221; body_line_height=&#8221;1.8em&#8221; background_color=&#8221;rgba(0,0,0,0.12)&#8221; custom_button=&#8221;on&#8221; button_text_size=&#8221;16px&#8221; button_text_color=&#8221;#ffffff&#8221; button_bg_color=&#8221;#31d190&#8243; button_border_width=&#8221;10px&#8221; button_border_color=&#8221;rgba(0,0,0,0)&#8221; button_border_radius=&#8221;0px&#8221; button_font=&#8221;Montserrat|700|||||||&#8221; button_use_icon=&#8221;off&#8221; max_width=&#8221;100%&#8221; overflow-y=&#8221;visible&#8221; custom_padding=&#8221;||&#8221; custom_padding_tablet=&#8221;&#8221; custom_padding_phone=&#8221;100px||100px||true&#8221; custom_padding_last_edited=&#8221;on|phone&#8221; header_font_size_tablet=&#8221;8vw&#8221; header_font_size_phone=&#8221;30px&#8221; header_font_size_last_edited=&#8221;on|desktop&#8221; body_font_size_tablet=&#8221;16px&#8221; body_font_size_phone=&#8221;14px&#8221; body_font_size_last_edited=&#8221;on|phone&#8221; body_line_height_tablet=&#8221;1.8em&#8221; body_line_height_phone=&#8221;1.7em&#8221; body_line_height_last_edited=&#8221;off|phone&#8221; custom_css_slide_image=&#8221;max-width: 440px;&#8221; box_shadow_style_image=&#8221;preset3&#8243; box_shadow_vertical_image=&#8221;40px&#8221; box_shadow_blur_image=&#8221;49px&#8221; box_shadow_spread_image=&#8221;-20px&#8221; box_shadow_color_image=&#8221;rgba(0,0,0,0.32)&#8221; text_shadow_style=&#8221;preset1&#8243; text_shadow_color=&#8221;rgba(0,0,0,0)&#8221; global_colors_info=&#8221;{}&#8221; button_bg_color__hover=&#8221;#000000&#8243;][et_pb_slide heading=&#8221;e-korekta&#8221; image=&#8221;https:\/\/e-korekta.pl\/wp-content\/uploads\/2024\/11\/Sklad.jpg&#8221; arrows_custom_color=&#8221;#000000&#8243; dot_nav_custom_color=&#8221;#000000&#8243; _builder_version=&#8221;4.27.2&#8243; header_letter_spacing=&#8221;10px&#8221; use_background_color_gradient=&#8221;on&#8221; background_color_gradient_direction=&#8221;124deg&#8221; background_color_gradient_stops=&#8221;#000000 11%|#31d190 87%&#8221; background_color_gradient_start=&#8221;#000000&#8243; background_color_gradient_start_position=&#8221;11%&#8221; background_color_gradient_end=&#8221;#31d190&#8243; background_color_gradient_end_position=&#8221;87%&#8221; background_image=&#8221;https:\/\/e-korekta.pl\/wp-content\/uploads\/2024\/11\/ebook-17-1.png&#8221; background_position=&#8221;bottom_center&#8221; custom_button=&#8221;on&#8221; button_bg_color=&#8221;#000000&#8243; button_font=&#8221;||||||||&#8221; custom_css_slide_container=&#8221;max-width: 80%;&#8221; global_colors_info=&#8221;{}&#8221; sticky_transition=&#8221;on&#8221;]<\/p>\n<p>Korekta jest naszym konikiem dlatego pracujemy z pasj\u0105 i zaanga\u017cowaniem ju\u017c od 18 lat<\/p>\n<p>[\/et_pb_slide][et_pb_slide heading=&#8221;e-korekta&#8221; button_text=&#8221;Tego potrzebuj\u0119&#8221; image=&#8221;https:\/\/e-korekta.pl\/wp-content\/uploads\/2024\/11\/Redagowanie.jpg&#8221; arrows_custom_color=&#8221;#000000&#8243; dot_nav_custom_color=&#8221;#000000&#8243; _builder_version=&#8221;4.27.2&#8243; header_letter_spacing=&#8221;10px&#8221; body_font=&#8221;|600|||||||&#8221; background_color=&#8221;#31d190&#8243; use_background_color_gradient=&#8221;on&#8221; background_color_gradient_stops=&#8221;#31d190 32%|#ffffff 100%&#8221; background_color_gradient_start=&#8221;#31d190&#8243; background_color_gradient_start_position=&#8221;32%&#8221; background_color_gradient_end=&#8221;#ffffff&#8221; background_image=&#8221;https:\/\/e-korekta.pl\/wp-content\/uploads\/2024\/11\/ebook-46.png&#8221; background_size=&#8221;contain&#8221; background_position=&#8221;top_center&#8221; custom_css_slide_container=&#8221;max-width: 80%;&#8221; global_colors_info=&#8221;{}&#8221; sticky_transition=&#8221;on&#8221;]<\/p>\n<p>Czy chcesz profesjonalnie wyda\u0107 swoj\u0105 publikacj\u0119? Zadbaj o ni\u0105 ju\u017c od samego pocz\u0105tku.<\/p>\n<p>[\/et_pb_slide][et_pb_slide heading=&#8221;e-korekta&#8221; button_text=&#8221;To co\u015b dla mnie&#8221; image=&#8221;https:\/\/e-korekta.pl\/wp-content\/uploads\/2024\/11\/Korekta.jpg&#8221; arrows_custom_color=&#8221;#000000&#8243; dot_nav_custom_color=&#8221;#000000&#8243; _builder_version=&#8221;4.27.2&#8243; header_letter_spacing=&#8221;10px&#8221; body_font=&#8221;|600|||||||&#8221; background_color=&#8221;#000000&#8243; background_image=&#8221;https:\/\/e-korekta.pl\/wp-content\/uploads\/2024\/11\/ebook-45.png&#8221; background_size=&#8221;contain&#8221; background_position=&#8221;bottom_center&#8221; custom_css_slide_container=&#8221;max-width: 80%;&#8221; global_colors_info=&#8221;{}&#8221; sticky_transition=&#8221;on&#8221;]<\/p>\n<p>Nie przegap ostatniego kroku \u2013 nie publikuj swojego tekstu bez ostatecznej korekty<\/p>\n<p>[\/et_pb_slide][\/et_pb_fullwidth_slider][\/et_pb_section][et_pb_section fb_built=&#8221;1&#8243; _builder_version=&#8221;4.27.2&#8243; _module_preset=&#8221;default&#8221; global_colors_info=&#8221;{}&#8221;][et_pb_row _builder_version=&#8221;4.27.2&#8243; _module_preset=&#8221;default&#8221; global_colors_info=&#8221;{}&#8221;][et_pb_column type=&#8221;4_4&#8243; _builder_version=&#8221;4.27.2&#8243; _module_preset=&#8221;default&#8221; global_colors_info=&#8221;{}&#8221;][et_pb_slider _builder_version=&#8221;4.27.2&#8243; _module_preset=&#8221;default&#8221; header_font=&#8221;Montserrat|800|||||||&#8221; header_text_color=&#8221;#000000&#8243; body_text_color=&#8221;#000000&#8243; body_font_size=&#8221;17px&#8221; body_line_height=&#8221;1.8em&#8221; background_color=&#8221;RGBA(255,255,255,0)&#8221; custom_padding=&#8221;88px||114px|||&#8221; border_color_all=&#8221;#000000&#8243; box_shadow_style=&#8221;preset3&#8243; global_colors_info=&#8221;{}&#8221;][et_pb_slide heading=&#8221;Redagowanie&#8221; button_text=&#8221;Zamawiam us\u0142ug\u0119&#8221; use_bg_overlay=&#8221;off&#8221; _builder_version=&#8221;4.27.2&#8243; _module_preset=&#8221;default&#8221; custom_button=&#8221;on&#8221; button_text_color=&#8221;#E02B20&#8243; button_alignment=&#8221;center&#8221; text_orientation=&#8221;left&#8221; global_colors_info=&#8221;{}&#8221; sticky_transition=&#8221;on&#8221;]<\/p>\n<p>Redagowanie to podstawowa us\u0142uga, jak\u0105 \u015bwiadczymy. Jest pierwszym etapem pracy nad stworzon\u0105 publikacj\u0105.<\/p>\n<p>Us\u0142uga ta, potocznie zwana korekt\u0105, obejmuje kompleksowe sprawdzenie tekstu pod wzgl\u0119dem:<\/p>\n<ul>\n<li>j\u0119zykowym (ortografia, gramatyka, interpunkcja, fleksja, sk\u0142adnia),<\/li>\n<li>leksykalno-stylistycznym,<\/li>\n<li>edytorskim.<\/li>\n<li>poprawno\u015bci kompozycji i logiczno\u015bci wywodu.<\/li>\n<\/ul>\n<p>Jednorazowa redakcja tekstu pozwala usun\u0105\u0107 oko\u0142o 98\u201399% b\u0142\u0119d\u00f3w j\u0119zykowych. Chcemy zagwarantowa\u0107 naszym klientom wysoki poziom us\u0142ug, dlatego oferujemy \u2013 opr\u00f3cz redakcji \u2013 dodatkowe (opcjonalne) czytanie, czyli korekt\u0119 tekstu (pierwsz\u0105 oraz drug\u0105). Polecamy j\u0105 szczeg\u00f3lnie wtedy, gdy publikacja ma by\u0107 zaprezentowana szerszemu gronu odbiorc\u00f3w lub gdy redagowany tekst zawiera\u0142 du\u017co b\u0142\u0119d\u00f3w.<\/p>\n<p>[\/et_pb_slide][et_pb_slide heading=&#8221;Korekta&#8221; button_text=&#8221;Zamawiam us\u0142ug\u0119&#8221; use_bg_overlay=&#8221;off&#8221; use_text_overlay=&#8221;off&#8221; _builder_version=&#8221;4.27.2&#8243; _module_preset=&#8221;default&#8221; background_enable_color=&#8221;off&#8221; custom_button=&#8221;on&#8221; button_text_color=&#8221;#E02B20&#8243; button_border_radius=&#8221;4px&#8221; button_alignment=&#8221;center&#8221; text_orientation=&#8221;left&#8221; global_colors_info=&#8221;{}&#8221; sticky_transition=&#8221;on&#8221;]<\/p>\n<p>Korekta tekstu \u2013 us\u0142uga opcjonalna, wykonywana na \u017cyczenie klienta po uprzednim zredagowaniu tekstu. Jest to powt\u00f3rne sprawdzenie tekstu pod wzgl\u0119dem zgodno\u015bci z\u00a0zasadami polskiej ortografii, gramatyki oraz interpunkcji przez inn\u0105 osob\u0119 ni\u017c ta, kt\u00f3ra redagowa\u0142a tekst.<\/p>\n<p>Dodatkowe czytanie zapewnia tekstom niemal ca\u0142kowit\u0105 bezb\u0142\u0119dno\u015b\u0107.<\/p>\n<p>Aby sprawdzi\u0107 poprawno\u015b\u0107 zmian wprowadzonych przez sk\u0142adacza po pierwszej korekcie, mo\u017cliwe jest te\u017c wykonanie drugiej korekty (trzecie czytanie). Gwarantuje to publikacji wysoki poziom edytorski spotykany w\u00a0presti\u017cowych wydawnictwach.<\/p>\n<ul>\n<li>Redakcja i korekta tekst\u00f3w finansowych, prawnych, ekonomicznych,<\/li>\n<li>Redakcja i korekta ksi\u0105\u017cek, wydawnictw prasowych, artyku\u0142\u00f3w,<\/li>\n<li>Redakcja i korekta publikacji naukowych, prac dyplomowych,<\/li>\n<li>Redakcja i korekta tekst\u00f3w na strony internetowe,<\/li>\n<li>Redakcja i korekta materia\u0142\u00f3w reklamowych,<\/li>\n<li>Redakcja i korekta raport\u00f3w, opracowa\u0144.<\/li>\n<\/ul>\n<p>[\/et_pb_slide][et_pb_slide heading=&#8221;Sk\u0142ad&#8221; button_text=&#8221;Zamawiam us\u0142ug\u0119&#8221; _builder_version=&#8221;4.27.2&#8243; _module_preset=&#8221;default&#8221; custom_button=&#8221;on&#8221; button_text_color=&#8221;#E02B20&#8243; button_alignment=&#8221;center&#8221; text_orientation=&#8221;left&#8221; global_colors_info=&#8221;{}&#8221; sticky_transition=&#8221;on&#8221;]<\/p>\n<p>Sk\u0142ad tekstu \u2013 proces przygotowania publikacji do druku.<\/p>\n<p>Sk\u0142ad tekstu to etap, na kt\u00f3rym ksi\u0105\u017cka, artyku\u0142 czy inny materia\u0142 tekstowy nabiera ostatecznej formy wizualnej. Praca ta odbywa si\u0119 po zako\u0144czonej redakcji i korekcie i wymaga dostosowania pliku do wytycznych drukarni lub platform publikacyjnych, takich jak Empik czy Amazon.<\/p>\n<p>Podczas sk\u0142adu tekst jest \u0142amany w profesjonalnym programie do publikacji, np. InDesign. Przyk\u0142adamy wag\u0119 do estetyki, sp\u00f3jno\u015bci i poprawno\u015bci uk\u0142adu ka\u017cdego elementu publikacji, co obejmuje:<\/p>\n<ul>\n<li>wyb\u00f3r czcionek oraz uk\u0142adu stron,<\/li>\n<li>dopasowanie wielko\u015bci margines\u00f3w,<\/li>\n<li>ujednolicenie wygl\u0105du \u015br\u00f3dtytu\u0142\u00f3w, podpis\u00f3w pod ilustracjami i numeracji stron,<\/li>\n<li>precyzyjne rozmieszczenie grafik, tabel oraz innych element\u00f3w ilustracyjnych,<\/li>\n<li>sprawdzenie zgodno\u015bci publikacji z wymaganiami technicznymi drukarni.<\/li>\n<\/ul>\n<p>Na \u017cyczenie klienta przygotowujemy trzy wersje projektu, z kt\u00f3rych mo\u017ce wybra\u0107 t\u0119 najlepiej odpowiadaj\u0105c\u0105 jego oczekiwaniom.<\/p>\n<p>Dzi\u0119ki profesjonalnemu sk\u0142adowi tekstu publikacja zyskuje elegancki i profesjonalny wygl\u0105d, odpowiadaj\u0105cy najwy\u017cszym standardom wydawniczym.<\/p>\n<p>[\/et_pb_slide][\/et_pb_slider][\/et_pb_column][\/et_pb_row][\/et_pb_section][et_pb_section fb_built=&#8221;1&#8243; admin_label=&#8221;About&#8221; _builder_version=&#8221;4.16&#8243; locked=&#8221;off&#8221; global_colors_info=&#8221;{}&#8221;][et_pb_row column_structure=&#8221;1_2,1_2&#8243; _builder_version=&#8221;4.16&#8243; global_colors_info=&#8221;{}&#8221;][et_pb_column type=&#8221;1_2&#8243; _builder_version=&#8221;4.16&#8243; custom_padding=&#8221;|||&#8221; global_colors_info=&#8221;{}&#8221; custom_padding__hover=&#8221;|||&#8221;][et_pb_image src=&#8221;https:\/\/e-korekta.pl\/wp-content\/uploads\/2024\/11\/author-icon-06-4.png&#8221; _builder_version=&#8221;4.16&#8243; animation_direction=&#8221;bottom&#8221; always_center_on_mobile=&#8221;off&#8221; global_colors_info=&#8221;{}&#8221;][\/et_pb_image][et_pb_text _builder_version=&#8221;4.27.2&#8243; text_font=&#8221;||||||||&#8221; header_font=&#8221;Montserrat|800|||||||&#8221; header_text_align=&#8221;center&#8221; header_font_size=&#8221;51px&#8221; header_2_font=&#8221;Montserrat|800||on|||||&#8221; header_2_text_color=&#8221;#000000&#8243; header_2_font_size=&#8221;60px&#8221; header_2_line_height=&#8221;1.2em&#8221; module_alignment=&#8221;right&#8221; header_2_font_size_tablet=&#8221;40px&#8221; header_2_font_size_phone=&#8221;25px&#8221; header_2_font_size_last_edited=&#8221;on|desktop&#8221; locked=&#8221;off&#8221; global_colors_info=&#8221;{}&#8221;]<\/p>\n<h1>O nas<\/h1>\n<p>[\/et_pb_text][et_pb_image src=&#8221;https:\/\/e-korekta.pl\/wp-content\/uploads\/2024\/11\/F49DF65D-8730-479D-A394-14E2ADA1E7F9_1_105_c.jpeg&#8221; title_text=&#8221;F49DF65D-8730-479D-A394-14E2ADA1E7F9_1_105_c&#8221; _builder_version=&#8221;4.27.2&#8243; max_width_tablet=&#8221;200px&#8221; max_width_phone=&#8221;&#8221; max_width_last_edited=&#8221;on|desktop&#8221; animation_direction=&#8221;bottom&#8221; border_radii=&#8221;on|300px|300px|300px|300px&#8221; always_center_on_mobile=&#8221;off&#8221; global_colors_info=&#8221;{}&#8221;][\/et_pb_image][\/et_pb_column][et_pb_column type=&#8221;1_2&#8243; _builder_version=&#8221;4.16&#8243; custom_padding=&#8221;84px|||&#8221; custom_padding_tablet=&#8221;0px|||&#8221; custom_padding_phone=&#8221;0px|||&#8221; custom_padding_last_edited=&#8221;on|tablet&#8221; global_colors_info=&#8221;{}&#8221; custom_padding__hover=&#8221;|||&#8221;][et_pb_text _builder_version=&#8221;4.27.2&#8243; text_font=&#8221;||||||||&#8221; text_font_size=&#8221;18px&#8221; text_line_height=&#8221;1.8em&#8221; text_orientation=&#8221;justified&#8221; text_font_size_tablet=&#8221;16px&#8221; text_font_size_phone=&#8221;14px&#8221; text_font_size_last_edited=&#8221;on|phone&#8221; text_line_height_tablet=&#8221;1.8em&#8221; text_line_height_phone=&#8221;1.7em&#8221; text_line_height_last_edited=&#8221;off|phone&#8221; locked=&#8221;off&#8221; global_colors_info=&#8221;{}&#8221;]<\/p>\n<p>Od 2002 roku pracujemy ze s\u0142owami. Pomagamy przedsi\u0119biorcom wzmacnia\u0107 pozycj\u0119 eksperta i profesjonalny wizerunek marki dzi\u0119ki poprawnym j\u0119zykowo tekstom i estetycznie wydanym publikacjom.<\/p>\n<p>Przeprowadzamy autor\u00f3w przez ca\u0142y proces wydawniczy. Jeste\u015bmy partnerem Empik Selfpublishing.<\/p>\n<p>Dzielimy si\u0119 te\u017c swoim do\u015bwiadczeniem \u2013 od dekady prowadzimy warsztaty i szkolenia, dzi\u0119ki kt\u00f3rym ponad 7 tysi\u0119cy os\u00f3b zdoby\u0142o nowe kompetencje j\u0119zykowe i przygotowa\u0142o si\u0119 do pracy w zawodzie korektora.<\/p>\n<p>[\/et_pb_text][et_pb_text _builder_version=&#8221;4.27.2&#8243; text_font=&#8221;|700|||||||&#8221; text_text_color=&#8221;#000000&#8243; text_font_size=&#8221;18px&#8221; text_line_height=&#8221;1.8em&#8221; text_font_size_tablet=&#8221;16px&#8221; text_font_size_phone=&#8221;14px&#8221; text_font_size_last_edited=&#8221;on|phone&#8221; text_line_height_tablet=&#8221;1.8em&#8221; text_line_height_phone=&#8221;1.7em&#8221; text_line_height_last_edited=&#8221;off|phone&#8221; locked=&#8221;off&#8221; global_colors_info=&#8221;{}&#8221;]<\/p>\n<p>Od 20 lat pracuj\u0119 dla najbardziej wymagaj\u0105cych, musz\u0119 wi\u0119c robi\u0107 to dobrze.<\/p>\n<p>Terminowo\u015b\u0107, profesjonalizm, do\u015bwiadczenie bran\u017cowe, precyzja, zaanga\u017cowanie i wsparcie. Nic dziwnego, \u017ce tak wielu klient\u00f3w wybra\u0142o wsp\u00f3\u0142prac\u0119 ze mn\u0105.<\/p>\n<p>[\/et_pb_text][et_pb_text _builder_version=&#8221;4.27.2&#8243; text_font=&#8221;Allison||||||||&#8221; text_text_color=&#8221;#000000&#8243; text_font_size=&#8221;36px&#8221; text_line_height=&#8221;1.2em&#8221; text_font_size_tablet=&#8221;&#8221; text_font_size_phone=&#8221;40px&#8221; text_font_size_last_edited=&#8221;on|tablet&#8221; text_line_height_tablet=&#8221;1.8em&#8221; text_line_height_phone=&#8221;1.7em&#8221; text_line_height_last_edited=&#8221;off|phone&#8221; locked=&#8221;off&#8221; global_colors_info=&#8221;{}&#8221;]<\/p>\n<p>Patrycja i Krzysztof Bukowscy<\/p>\n<p>[\/et_pb_text][\/et_pb_column][\/et_pb_row][\/et_pb_section][et_pb_section fb_built=&#8221;1&#8243; custom_padding_last_edited=&#8221;on|phone&#8221; admin_label=&#8221;Footer&#8221; _builder_version=&#8221;4.27.2&#8243; background_color=&#8221;#FFFFFF&#8221; background_color_gradient_direction=&#8221;240deg&#8221; background_image=&#8221;https:\/\/e-korekta.pl\/wp-content\/uploads\/2024\/11\/ebook-40.png&#8221; background_position=&#8221;top_center&#8221; custom_margin=&#8221;||&#8221; custom_padding=&#8221;17vw||4vw||false|&#8221; custom_padding_tablet=&#8221;36vw||&#8221; custom_padding_phone=&#8221;46vw||4vw||false|&#8221; hover_enabled=&#8221;0&#8243; locked=&#8221;off&#8221; global_colors_info=&#8221;{}&#8221; sticky_enabled=&#8221;0&#8243;][et_pb_row column_structure=&#8221;1_2,1_2&#8243; _builder_version=&#8221;4.16&#8243; max_width=&#8221;80%&#8221; global_colors_info=&#8221;{}&#8221;][et_pb_column type=&#8221;1_2&#8243; _builder_version=&#8221;4.16&#8243; custom_padding=&#8221;|||&#8221; global_colors_info=&#8221;{}&#8221; custom_padding__hover=&#8221;|||&#8221;][et_pb_text _builder_version=&#8221;4.27.2&#8243; text_font=&#8221;||||||||&#8221; text_font_size=&#8221;23px&#8221; text_line_height=&#8221;1.8em&#8221; header_font=&#8221;Montserrat|800|||||||&#8221; header_font_size=&#8221;50px&#8221; header_2_font=&#8221;Montserrat|800||on|||||&#8221; header_2_font_size=&#8221;6vw&#8221; header_2_line_height=&#8221;1.2em&#8221; header_3_font=&#8221;Montserrat|700|||||||&#8221; header_3_font_size=&#8221;16px&#8221; header_3_line_height=&#8221;1.4em&#8221; background_layout=&#8221;dark&#8221; module_alignment=&#8221;right&#8221; custom_padding=&#8221;1px|||||&#8221; text_font_size_tablet=&#8221;16px&#8221; text_font_size_phone=&#8221;14px&#8221; text_font_size_last_edited=&#8221;on|phone&#8221; text_line_height_tablet=&#8221;1.8em&#8221; text_line_height_phone=&#8221;1.7em&#8221; text_line_height_last_edited=&#8221;off|phone&#8221; header_2_font_size_tablet=&#8221;&#8221; header_2_font_size_phone=&#8221;8vw&#8221; header_2_font_size_last_edited=&#8221;on|phone&#8221; global_colors_info=&#8221;{}&#8221;]<\/p>\n<h1>Napisz do nas<\/h1>\n<p>Chcesz wsp\u00f3\u0142pracowa\u0107 z nami? Wype\u0142nij formularz.<\/p>\n<p>[\/et_pb_text][et_pb_contact_form use_spam_service=&#8221;on&#8221; recaptcha_list=&#8221;e-korekta|e-korekta-0&#8243; email=&#8221;kontakt@e-korekta.pl&#8221; success_message=&#8221;Twoja wiadomo\u015b\u0107 zosta\u0142a wys\u0142ana&#8221; _builder_version=&#8221;4.27.2&#8243; _module_preset=&#8221;default&#8221; _unique_id=&#8221;23cf8f7c-be67-4a01-be92-4c7b8fcfd2c2&#8243; custom_button=&#8221;on&#8221; button_text_color=&#8221;#E02B20&#8243; global_colors_info=&#8221;{}&#8221;][et_pb_contact_field field_id=&#8221;Name&#8221; field_title=&#8221;Imi\u0119&#8221; _builder_version=&#8221;4.27.2&#8243; global_colors_info=&#8221;{}&#8221; button_text_size__hover_enabled=&#8221;off&#8221; button_one_text_size__hover_enabled=&#8221;off&#8221; button_two_text_size__hover_enabled=&#8221;off&#8221; button_text_color__hover_enabled=&#8221;off&#8221; button_one_text_color__hover_enabled=&#8221;off&#8221; button_two_text_color__hover_enabled=&#8221;off&#8221; button_border_width__hover_enabled=&#8221;off&#8221; button_one_border_width__hover_enabled=&#8221;off&#8221; button_two_border_width__hover_enabled=&#8221;off&#8221; button_border_color__hover_enabled=&#8221;off&#8221; button_one_border_color__hover_enabled=&#8221;off&#8221; button_two_border_color__hover_enabled=&#8221;off&#8221; button_border_radius__hover_enabled=&#8221;off&#8221; button_one_border_radius__hover_enabled=&#8221;off&#8221; button_two_border_radius__hover_enabled=&#8221;off&#8221; button_letter_spacing__hover_enabled=&#8221;off&#8221; button_one_letter_spacing__hover_enabled=&#8221;off&#8221; button_two_letter_spacing__hover_enabled=&#8221;off&#8221; button_bg_color__hover_enabled=&#8221;off&#8221; button_one_bg_color__hover_enabled=&#8221;off&#8221; button_two_bg_color__hover_enabled=&#8221;off&#8221;][\/et_pb_contact_field][et_pb_contact_field field_id=&#8221;Email&#8221; field_title=&#8221;Adres mejlowy&#8221; field_type=&#8221;email&#8221; _builder_version=&#8221;4.27.2&#8243; global_colors_info=&#8221;{}&#8221; button_text_size__hover_enabled=&#8221;off&#8221; button_one_text_size__hover_enabled=&#8221;off&#8221; button_two_text_size__hover_enabled=&#8221;off&#8221; button_text_color__hover_enabled=&#8221;off&#8221; button_one_text_color__hover_enabled=&#8221;off&#8221; button_two_text_color__hover_enabled=&#8221;off&#8221; button_border_width__hover_enabled=&#8221;off&#8221; button_one_border_width__hover_enabled=&#8221;off&#8221; button_two_border_width__hover_enabled=&#8221;off&#8221; button_border_color__hover_enabled=&#8221;off&#8221; button_one_border_color__hover_enabled=&#8221;off&#8221; button_two_border_color__hover_enabled=&#8221;off&#8221; button_border_radius__hover_enabled=&#8221;off&#8221; button_one_border_radius__hover_enabled=&#8221;off&#8221; button_two_border_radius__hover_enabled=&#8221;off&#8221; button_letter_spacing__hover_enabled=&#8221;off&#8221; button_one_letter_spacing__hover_enabled=&#8221;off&#8221; button_two_letter_spacing__hover_enabled=&#8221;off&#8221; button_bg_color__hover_enabled=&#8221;off&#8221; button_one_bg_color__hover_enabled=&#8221;off&#8221; button_two_bg_color__hover_enabled=&#8221;off&#8221;][\/et_pb_contact_field][et_pb_contact_field field_id=&#8221;Message&#8221; field_title=&#8221;Wiadomo\u015b\u0107&#8221; field_type=&#8221;text&#8221; fullwidth_field=&#8221;on&#8221; _builder_version=&#8221;4.27.2&#8243; global_colors_info=&#8221;{}&#8221; button_text_size__hover_enabled=&#8221;off&#8221; button_one_text_size__hover_enabled=&#8221;off&#8221; button_two_text_size__hover_enabled=&#8221;off&#8221; button_text_color__hover_enabled=&#8221;off&#8221; button_one_text_color__hover_enabled=&#8221;off&#8221; button_two_text_color__hover_enabled=&#8221;off&#8221; button_border_width__hover_enabled=&#8221;off&#8221; button_one_border_width__hover_enabled=&#8221;off&#8221; button_two_border_width__hover_enabled=&#8221;off&#8221; button_border_color__hover_enabled=&#8221;off&#8221; button_one_border_color__hover_enabled=&#8221;off&#8221; button_two_border_color__hover_enabled=&#8221;off&#8221; button_border_radius__hover_enabled=&#8221;off&#8221; button_one_border_radius__hover_enabled=&#8221;off&#8221; button_two_border_radius__hover_enabled=&#8221;off&#8221; button_letter_spacing__hover_enabled=&#8221;off&#8221; button_one_letter_spacing__hover_enabled=&#8221;off&#8221; button_two_letter_spacing__hover_enabled=&#8221;off&#8221; button_bg_color__hover_enabled=&#8221;off&#8221; button_one_bg_color__hover_enabled=&#8221;off&#8221; button_two_bg_color__hover_enabled=&#8221;off&#8221;][\/et_pb_contact_field][\/et_pb_contact_form][\/et_pb_column][et_pb_column type=&#8221;1_2&#8243; _builder_version=&#8221;4.16&#8243; custom_padding=&#8221;|||&#8221; global_colors_info=&#8221;{}&#8221; custom_padding__hover=&#8221;|||&#8221;][\/et_pb_column][\/et_pb_row][\/et_pb_section]<\/p>\n","protected":false},"excerpt":{"rendered":"<p>Korekta jest naszym konikiem dlatego pracujemy z pasj\u0105 i zaanga\u017cowaniem ju\u017c od 18 latCzy chcesz profesjonalnie wyda\u0107 swoj\u0105 publikacj\u0119? Zadbaj o ni\u0105 ju\u017c od samego pocz\u0105tku.Nie przegap ostatniego kroku \u2013 nie publikuj swojego tekstu bez ostatecznej korektyRedagowanie to podstawowa us\u0142uga, jak\u0105 \u015bwiadczymy. Jest pierwszym etapem pracy nad stworzon\u0105 publikacj\u0105. Us\u0142uga ta, potocznie zwana korekt\u0105, obejmuje [&hellip;]<\/p>\n","protected":false},"author":1,"featured_media":0,"parent":0,"menu_order":0,"comment_status":"closed","ping_status":"closed","template":"","meta":{"_et_pb_use_builder":"on","_et_pb_old_content":"","_et_gb_content_width":"","footnotes":""},"class_list":["post-10","page","type-page","status-publish","hentry"],"_links":{"self":[{"href":"https:\/\/e-korekta.pl\/index.php?rest_route=\/wp\/v2\/pages\/10","targetHints":{"allow":["GET"]}}],"collection":[{"href":"https:\/\/e-korekta.pl\/index.php?rest_route=\/wp\/v2\/pages"}],"about":[{"href":"https:\/\/e-korekta.pl\/index.php?rest_route=\/wp\/v2\/types\/page"}],"author":[{"embeddable":true,"href":"https:\/\/e-korekta.pl\/index.php?rest_route=\/wp\/v2\/users\/1"}],"replies":[{"embeddable":true,"href":"https:\/\/e-korekta.pl\/index.php?rest_route=%2Fwp%2Fv2%2Fcomments&post=10"}],"version-history":[{"count":8,"href":"https:\/\/e-korekta.pl\/index.php?rest_route=\/wp\/v2\/pages\/10\/revisions"}],"predecessor-version":[{"id":48,"href":"https:\/\/e-korekta.pl\/index.php?rest_route=\/wp\/v2\/pages\/10\/revisions\/48"}],"wp:attachment":[{"href":"https:\/\/e-korekta.pl\/index.php?rest_route=%2Fwp%2Fv2%2Fmedia&parent=10"}],"curies":[{"name":"wp","href":"https:\/\/api.w.org\/{rel}","templated":true}]}}